{"id":19346,"date":"2024-08-29T09:29:44","date_gmt":"2024-08-29T09:29:44","guid":{"rendered":"https:\/\/www.openspaces-expo.be\/villes-resistantes-a-la-chaleur\/"},"modified":"2024-08-29T09:29:45","modified_gmt":"2024-08-29T09:29:45","slug":"villes-resistantes-a-la-chaleur","status":"publish","type":"page","link":"https:\/\/www.openspaces-expo.be\/fr\/villes-resistantes-a-la-chaleur\/","title":{"rendered":"Villes r\u00e9sistantes \u00e0 la chaleur"},"content":{"rendered":"\t\t<div data-elementor-type=\"wp-page\" data-elementor-id=\"19346\" class=\"elementor elementor-19346 elementor-18911\" data-elementor-post-type=\"page\">\n\t\t\t\t\t\t<section class=\"elementor-section elementor-top-section elementor-element elementor-element-d7bafb7 elementor-section-height-min-height elementor-section-boxed elementor-section-height-default elementor-section-items-middle\" data-id=\"d7bafb7\" data-element_type=\"section\" data-settings=\"{&quot;background_background&quot;:&quot;classic&quot;}\">\n\t\t\t\t\t\t<div class=\"elementor-container elementor-column-gap-default\">\n\t\t\t\t\t<div class=\"elementor-column elementor-col-50 elementor-top-column elementor-element elementor-element-a7cec2b\" data-id=\"a7cec2b\" data-element_type=\"column\">\n\t\t\t<div class=\"elementor-widget-wrap elementor-element-populated\">\n\t\t\t\t\t\t<div class=\"elementor-element elementor-element-0a771e5 elementor-widget elementor-widget-text-editor\" data-id=\"0a771e5\" data-element_type=\"widget\" data-widget_type=\"text-editor.default\">\n\t\t\t\t<div class=\"elementor-widget-container\">\n\t\t\t\t\t\t\t\t\t<p>Villes r\u00e9sistantes \u00e0 la chaleur<\/p>\n\t\t\t\t\t\t\t\t<\/div>\n\t\t\t\t<\/div>\n\t\t\t\t<div class=\"elementor-element elementor-element-ca26a2a elementor-widget elementor-widget-text-editor\" data-id=\"ca26a2a\" data-element_type=\"widget\" data-widget_type=\"text-editor.default\">\n\t\t\t\t<div class=\"elementor-widget-container\">\n\t\t\t\t\t\t\t\t\t<p>23 septembre 2024 \/ 14h00 &#8211; 16h00<\/p>\n\t\t\t\t\t\t\t\t<\/div>\n\t\t\t\t<\/div>\n\t\t\t\t\t<\/div>\n\t\t<\/div>\n\t\t\t\t<div class=\"elementor-column elementor-col-50 elementor-top-column elementor-element elementor-element-aa85562\" data-id=\"aa85562\" data-element_type=\"column\">\n\t\t\t<div class=\"elementor-widget-wrap elementor-element-populated\">\n\t\t\t\t\t\t<div class=\"elementor-element elementor-element-329acf9 elementor-align-center elementor-invisible elementor-widget elementor-widget-button\" data-id=\"329acf9\" data-element_type=\"widget\" data-settings=\"{&quot;_animation&quot;:&quot;slideInRight&quot;}\" data-widget_type=\"button.default\">\n\t\t\t\t<div class=\"elementor-widget-container\">\n\t\t\t\t\t\t\t\t\t<div class=\"elementor-button-wrapper\">\n\t\t\t\t\t<a class=\"elementor-button elementor-button-link elementor-size-sm\" href=\"https:\/\/www.openspaces-expo.be\/fr\/exhibitor\/\">\n\t\t\t\t\t\t<span class=\"elementor-button-content-wrapper\">\n\t\t\t\t\t\t\t\t\t<span class=\"elementor-button-text\">Liste des exposants<\/span>\n\t\t\t\t\t<\/span>\n\t\t\t\t\t<\/a>\n\t\t\t\t<\/div>\n\t\t\t\t\t\t\t\t<\/div>\n\t\t\t\t<\/div>\n\t\t\t\t<div class=\"elementor-element elementor-element-9a1a7e3 elementor-align-right elementor-invisible elementor-widget elementor-widget-button\" data-id=\"9a1a7e3\" data-element_type=\"widget\" data-settings=\"{&quot;_animation&quot;:&quot;fadeInLeft&quot;}\" data-widget_type=\"button.default\">\n\t\t\t\t<div class=\"elementor-widget-container\">\n\t\t\t\t\t\t\t\t\t<div class=\"elementor-button-wrapper\">\n\t\t\t\t\t<a class=\"elementor-button elementor-button-link elementor-size-sm\" href=\"https:\/\/www.openspaces-expo.be\/fr\/programme\/\">\n\t\t\t\t\t\t<span class=\"elementor-button-content-wrapper\">\n\t\t\t\t\t\t\t\t\t<span class=\"elementor-button-text\">Programme<\/span>\n\t\t\t\t\t<\/span>\n\t\t\t\t\t<\/a>\n\t\t\t\t<\/div>\n\t\t\t\t\t\t\t\t<\/div>\n\t\t\t\t<\/div>\n\t\t\t\t<div class=\"elementor-element elementor-element-bb3003f elementor-align-center elementor-invisible elementor-widget elementor-widget-button\" data-id=\"bb3003f\" data-element_type=\"widget\" data-settings=\"{&quot;_animation&quot;:&quot;fadeInRight&quot;}\" data-widget_type=\"button.default\">\n\t\t\t\t<div class=\"elementor-widget-container\">\n\t\t\t\t\t\t\t\t\t<div class=\"elementor-button-wrapper\">\n\t\t\t\t\t<a class=\"elementor-button elementor-button-link elementor-size-sm\" href=\"https:\/\/www.openspaces-expo.be\/fr\/billets\/\">\n\t\t\t\t\t\t<span class=\"elementor-button-content-wrapper\">\n\t\t\t\t\t\t\t\t\t<span class=\"elementor-button-text\">Enregistrez-vous ici<\/span>\n\t\t\t\t\t<\/span>\n\t\t\t\t\t<\/a>\n\t\t\t\t<\/div>\n\t\t\t\t\t\t\t\t<\/div>\n\t\t\t\t<\/div>\n\t\t\t\t\t<\/div>\n\t\t<\/div>\n\t\t\t\t\t<\/div>\n\t\t<\/section>\n\t\t\t\t<section class=\"elementor-section elementor-top-section elementor-element elementor-element-939195e elementor-reverse-tablet elementor-reverse-mobile elementor-section-boxed elementor-section-height-default elementor-section-height-default\" data-id=\"939195e\" data-element_type=\"section\">\n\t\t\t\t\t\t<div class=\"elementor-container elementor-column-gap-default\">\n\t\t\t\t\t<div class=\"elementor-column elementor-col-100 elementor-top-column elementor-element elementor-element-5841b05\" data-id=\"5841b05\" data-element_type=\"column\">\n\t\t\t<div class=\"elementor-widget-wrap elementor-element-populated\">\n\t\t\t\t\t\t<div class=\"elementor-element elementor-element-4524352 elementor-widget elementor-widget-heading\" data-id=\"4524352\" data-element_type=\"widget\" data-widget_type=\"heading.default\">\n\t\t\t\t<div class=\"elementor-widget-container\">\n\t\t\t\t\t<h2 class=\"elementor-heading-title elementor-size-default\">Agence d'administration domestique<\/h2>\t\t\t\t<\/div>\n\t\t\t\t<\/div>\n\t\t\t\t<div class=\"elementor-element elementor-element-2222b59 elementor-widget__width-initial elementor-widget elementor-widget-text-editor\" data-id=\"2222b59\" data-element_type=\"widget\" data-widget_type=\"text-editor.default\">\n\t\t\t\t<div class=\"elementor-widget-container\">\n\t\t\t\t\t\t\t\t\t<p>Programme<\/p>\n<ul>\n<li>Introduction par l&rsquo;\u00e9quipe de la politique urbaine &#8211; situer l&rsquo;instrument de la r\u00e9novation urbaine et l&rsquo;appel \u00e0 la ville thermor\u00e9sistante<\/li>\n<li>Le projet Gemeenteplein de Genk<\/li>\n<li>Le projet de la place Moerman \u00e0 Roulers<\/li>\n<li>Le suivi par l&rsquo;Universit\u00e9 de Gand, qui mesurera progressivement &#8211; \u00e0 partir d&rsquo;une base de r\u00e9f\u00e9rence &#8211; l&rsquo;impact de l&rsquo;adoucissement des places vers les for\u00eats\/parcs.<\/li>\n<\/ul>\n\t\t\t\t\t\t\t\t<\/div>\n\t\t\t\t<\/div>\n\t\t\t\t<div class=\"elementor-element elementor-element-c97afeb elementor-align-center elementor-widget elementor-widget-button\" data-id=\"c97afeb\" data-element_type=\"widget\" data-widget_type=\"button.default\">\n\t\t\t\t<div class=\"elementor-widget-container\">\n\t\t\t\t\t\t\t\t\t<div class=\"elementor-button-wrapper\">\n\t\t\t\t\t<a class=\"elementor-button elementor-button-link elementor-size-sm\" href=\"https:\/\/www.vlaanderen.be\/stedenbeleid\/sessie-hittebestendige-steden-op-open-spaces\/23-09-2024\" target=\"_blank\">\n\t\t\t\t\t\t<span class=\"elementor-button-content-wrapper\">\n\t\t\t\t\t\t\t\t\t<span class=\"elementor-button-text\">Enregistrez-vous ici<\/span>\n\t\t\t\t\t<\/span>\n\t\t\t\t\t<\/a>\n\t\t\t\t<\/div>\n\t\t\t\t\t\t\t\t<\/div>\n\t\t\t\t<\/div>\n\t\t\t\t\t<\/div>\n\t\t<\/div>\n\t\t\t\t\t<\/div>\n\t\t<\/section>\n\t\t\t\t<section class=\"elementor-section elementor-top-section elementor-element elementor-element-4a2a845 elementor-hidden-desktop elementor-hidden-tablet elementor-hidden-mobile elementor-section-boxed elementor-section-height-default elementor-section-height-default\" data-id=\"4a2a845\" data-element_type=\"section\" data-settings=\"{&quot;background_background&quot;:&quot;classic&quot;}\">\n\t\t\t\t\t\t<div class=\"elementor-container elementor-column-gap-default\">\n\t\t\t\t\t<div class=\"elementor-column elementor-col-100 elementor-top-column elementor-element elementor-element-4b660d1\" data-id=\"4b660d1\" data-element_type=\"column\">\n\t\t\t<div class=\"elementor-widget-wrap elementor-element-populated\">\n\t\t\t\t\t\t<div class=\"elementor-element elementor-element-d4ee01a elementor-widget elementor-widget-text-editor\" data-id=\"d4ee01a\" data-element_type=\"widget\" data-widget_type=\"text-editor.default\">\n\t\t\t\t<div class=\"elementor-widget-container\">\n\t\t\t\t\t\t\t\t\t<p>Open Spaces, l&rsquo;endroit o\u00f9 il faut \u00eatre pour les espaces ouverts<\/p>\n\t\t\t\t\t\t\t\t<\/div>\n\t\t\t\t<\/div>\n\t\t\t\t<div class=\"elementor-element elementor-element-29ea916 elementor-align-center elementor-widget elementor-widget-button\" data-id=\"29ea916\" data-element_type=\"widget\" data-widget_type=\"button.default\">\n\t\t\t\t<div class=\"elementor-widget-container\">\n\t\t\t\t\t\t\t\t\t<div class=\"elementor-button-wrapper\">\n\t\t\t\t\t<a class=\"elementor-button elementor-button-link elementor-size-sm\" href=\"https:\/\/www.openspaces-expo.be\/fr\/contact\/\">\n\t\t\t\t\t\t<span class=\"elementor-button-content-wrapper\">\n\t\t\t\t\t\t<span class=\"elementor-button-icon\">\n\t\t\t\t<i aria-hidden=\"true\" class=\"fas fa-long-arrow-alt-right\"><\/i>\t\t\t<\/span>\n\t\t\t\t\t\t\t\t\t<span class=\"elementor-button-text\">Devenir exposant<\/span>\n\t\t\t\t\t<\/span>\n\t\t\t\t\t<\/a>\n\t\t\t\t<\/div>\n\t\t\t\t\t\t\t\t<\/div>\n\t\t\t\t<\/div>\n\t\t\t\t\t<\/div>\n\t\t<\/div>\n\t\t\t\t\t<\/div>\n\t\t<\/section>\n\t\t<div class=\"elementor-element elementor-element-be73f76 e-flex e-con-boxed e-con e-parent\" data-id=\"be73f76\" data-element_type=\"container\">\n\t\t\t\t\t<div class=\"e-con-inner\">\n\t\t\t\t<div class=\"elementor-element elementor-element-8d19ace elementor-widget elementor-widget-button\" data-id=\"8d19ace\" data-element_type=\"widget\" data-widget_type=\"button.default\">\n\t\t\t\t<div class=\"elementor-widget-container\">\n\t\t\t\t\t\t\t\t\t<div class=\"elementor-button-wrapper\">\n\t\t\t\t\t<a class=\"elementor-button elementor-button-link elementor-size-sm\" href=\"#\">\n\t\t\t\t\t\t<span class=\"elementor-button-content-wrapper\">\n\t\t\t\t\t\t\t\t\t<span class=\"elementor-button-text\">Cliquez ici<\/span>\n\t\t\t\t\t<\/span>\n\t\t\t\t\t<\/a>\n\t\t\t\t<\/div>\n\t\t\t\t\t\t\t\t<\/div>\n\t\t\t\t<\/div>\n\t\t\t\t\t<\/div>\n\t\t\t\t<\/div>\n\t\t\t\t<\/div>\n\t\t","protected":false},"excerpt":{"rendered":"<p>Villes r\u00e9sistantes \u00e0 la chaleur 23 septembre 2024 \/ 14h00 &#8211; 16h00 Liste des exposants Programme Enregistrez-vous ici Agence d&rsquo;administration domestique Programme Introduction par l&rsquo;\u00e9quipe de la politique urbaine &#8211; situer l&rsquo;instrument de la r\u00e9novation urbaine et l&rsquo;appel \u00e0 la ville thermor\u00e9sistante Le projet Gemeenteplein de Genk Le projet de la place Moerman \u00e0 Roulers [&hellip;]<\/p>\n","protected":false},"author":949,"featured_media":0,"parent":0,"menu_order":0,"comment_status":"closed","ping_status":"closed","template":"","meta":{"_seopress_robots_primary_cat":"","_seopress_titles_title":"VLARIO - Groenblauw Vlaanderen | Open Spaces","_seopress_titles_desc":"D\u00e9couvrez \u00e0 Open Spaces la matin\u00e9e d'\u00e9tude de VLARIO: Groenblauw Vlaanderen","_seopress_robots_index":"","footnotes":""},"class_list":["post-19346","page","type-page","status-publish","hentry"],"_links":{"self":[{"href":"https:\/\/www.openspaces-expo.be\/fr\/wp-json\/wp\/v2\/pages\/19346","targetHints":{"allow":["GET"]}}],"collection":[{"href":"https:\/\/www.openspaces-expo.be\/fr\/wp-json\/wp\/v2\/pages"}],"about":[{"href":"https:\/\/www.openspaces-expo.be\/fr\/wp-json\/wp\/v2\/types\/page"}],"author":[{"embeddable":true,"href":"https:\/\/www.openspaces-expo.be\/fr\/wp-json\/wp\/v2\/users\/949"}],"replies":[{"embeddable":true,"href":"https:\/\/www.openspaces-expo.be\/fr\/wp-json\/wp\/v2\/comments?post=19346"}],"version-history":[{"count":1,"href":"https:\/\/www.openspaces-expo.be\/fr\/wp-json\/wp\/v2\/pages\/19346\/revisions"}],"predecessor-version":[{"id":19347,"href":"https:\/\/www.openspaces-expo.be\/fr\/wp-json\/wp\/v2\/pages\/19346\/revisions\/19347"}],"wp:attachment":[{"href":"https:\/\/www.openspaces-expo.be\/fr\/wp-json\/wp\/v2\/media?parent=19346"}],"curies":[{"name":"wp","href":"https:\/\/api.w.org\/{rel}","templated":true}]}}