{"id":12201,"date":"2024-05-16T13:48:51","date_gmt":"2024-05-16T13:48:51","guid":{"rendered":"https:\/\/www.openspaces-expo.be\/20-ans-de-renovation-urbaine\/"},"modified":"2024-05-16T13:48:53","modified_gmt":"2024-05-16T13:48:53","slug":"20-ans-de-renovation-urbaine","status":"publish","type":"page","link":"https:\/\/www.openspaces-expo.be\/fr\/20-ans-de-renovation-urbaine\/","title":{"rendered":"20 ans de r\u00e9novation urbaine"},"content":{"rendered":"\t\t<div data-elementor-type=\"wp-page\" data-elementor-id=\"12201\" class=\"elementor elementor-12201 elementor-4001\" data-elementor-post-type=\"page\">\n\t\t\t\t\t\t<section class=\"elementor-section elementor-top-section elementor-element elementor-element-d7bafb7 elementor-section-height-min-height elementor-section-boxed elementor-section-height-default elementor-section-items-middle\" data-id=\"d7bafb7\" data-element_type=\"section\" data-settings=\"{&quot;background_background&quot;:&quot;classic&quot;}\">\n\t\t\t\t\t\t<div class=\"elementor-container elementor-column-gap-default\">\n\t\t\t\t\t<div class=\"elementor-column elementor-col-50 elementor-top-column elementor-element elementor-element-a7cec2b\" data-id=\"a7cec2b\" data-element_type=\"column\">\n\t\t\t<div class=\"elementor-widget-wrap elementor-element-populated\">\n\t\t\t\t\t\t<div class=\"elementor-element elementor-element-0a771e5 elementor-widget elementor-widget-text-editor\" data-id=\"0a771e5\" data-element_type=\"widget\" data-widget_type=\"text-editor.default\">\n\t\t\t\t<div class=\"elementor-widget-container\">\n\t\t\t\t\t\t\t\t\t<h1>Exposition<\/h1>\n<h2>20 ans de r\u00e9novation urbaine<\/h2>\n\t\t\t\t\t\t\t\t<\/div>\n\t\t\t\t<\/div>\n\t\t\t\t\t<\/div>\n\t\t<\/div>\n\t\t\t\t<div class=\"elementor-column elementor-col-50 elementor-top-column elementor-element elementor-element-aa85562\" data-id=\"aa85562\" data-element_type=\"column\">\n\t\t\t<div class=\"elementor-widget-wrap elementor-element-populated\">\n\t\t\t\t\t\t<div class=\"elementor-element elementor-element-329acf9 elementor-align-center elementor-invisible elementor-widget elementor-widget-button\" data-id=\"329acf9\" data-element_type=\"widget\" data-settings=\"{&quot;_animation&quot;:&quot;slideInRight&quot;}\" data-widget_type=\"button.default\">\n\t\t\t\t<div class=\"elementor-widget-container\">\n\t\t\t\t\t\t\t\t\t<div class=\"elementor-button-wrapper\">\n\t\t\t\t\t<a class=\"elementor-button elementor-button-link elementor-size-sm\" href=\"https:\/\/www.openspaces-expo.easyfairs-internal.be\/fr\/exhibitor\/\">\n\t\t\t\t\t\t<span class=\"elementor-button-content-wrapper\">\n\t\t\t\t\t\t\t\t\t<span class=\"elementor-button-text\">Liste des exposants<\/span>\n\t\t\t\t\t<\/span>\n\t\t\t\t\t<\/a>\n\t\t\t\t<\/div>\n\t\t\t\t\t\t\t\t<\/div>\n\t\t\t\t<\/div>\n\t\t\t\t<div class=\"elementor-element elementor-element-9a1a7e3 elementor-align-right elementor-invisible elementor-widget elementor-widget-button\" data-id=\"9a1a7e3\" data-element_type=\"widget\" data-settings=\"{&quot;_animation&quot;:&quot;fadeInLeft&quot;}\" data-widget_type=\"button.default\">\n\t\t\t\t<div class=\"elementor-widget-container\">\n\t\t\t\t\t\t\t\t\t<div class=\"elementor-button-wrapper\">\n\t\t\t\t\t<a class=\"elementor-button elementor-button-link elementor-size-sm\" href=\"https:\/\/www.openspaces-expo.be\/fr\/programme\/\">\n\t\t\t\t\t\t<span class=\"elementor-button-content-wrapper\">\n\t\t\t\t\t\t\t\t\t<span class=\"elementor-button-text\">Programme<\/span>\n\t\t\t\t\t<\/span>\n\t\t\t\t\t<\/a>\n\t\t\t\t<\/div>\n\t\t\t\t\t\t\t\t<\/div>\n\t\t\t\t<\/div>\n\t\t\t\t<div class=\"elementor-element elementor-element-bb3003f elementor-align-center elementor-invisible elementor-widget elementor-widget-button\" data-id=\"bb3003f\" data-element_type=\"widget\" data-settings=\"{&quot;_animation&quot;:&quot;fadeInRight&quot;}\" data-widget_type=\"button.default\">\n\t\t\t\t<div class=\"elementor-widget-container\">\n\t\t\t\t\t\t\t\t\t<div class=\"elementor-button-wrapper\">\n\t\t\t\t\t<a class=\"elementor-button elementor-button-link elementor-size-sm\" href=\"https:\/\/www.openspaces-expo.be\/fr\/billets\/\">\n\t\t\t\t\t\t<span class=\"elementor-button-content-wrapper\">\n\t\t\t\t\t\t\t\t\t<span class=\"elementor-button-text\">Enregistrez-vous ici<\/span>\n\t\t\t\t\t<\/span>\n\t\t\t\t\t<\/a>\n\t\t\t\t<\/div>\n\t\t\t\t\t\t\t\t<\/div>\n\t\t\t\t<\/div>\n\t\t\t\t\t<\/div>\n\t\t<\/div>\n\t\t\t\t\t<\/div>\n\t\t<\/section>\n\t\t\t\t<section class=\"elementor-section elementor-top-section elementor-element elementor-element-939195e elementor-reverse-tablet elementor-reverse-mobile elementor-section-boxed elementor-section-height-default elementor-section-height-default\" data-id=\"939195e\" data-element_type=\"section\">\n\t\t\t\t\t\t<div class=\"elementor-container elementor-column-gap-default\">\n\t\t\t\t\t<div class=\"elementor-column elementor-col-100 elementor-top-column elementor-element elementor-element-5841b05\" data-id=\"5841b05\" data-element_type=\"column\">\n\t\t\t<div class=\"elementor-widget-wrap elementor-element-populated\">\n\t\t\t\t\t\t<div class=\"elementor-element elementor-element-4524352 elementor-widget elementor-widget-heading\" data-id=\"4524352\" data-element_type=\"widget\" data-widget_type=\"heading.default\">\n\t\t\t\t<div class=\"elementor-widget-container\">\n\t\t\t\t\t<h2 class=\"elementor-heading-title elementor-size-default\"><b>Exposition \u00ab La r\u00e9novation urbaine est un travail humain \u00bb<\/b><\/h2>\t\t\t\t<\/div>\n\t\t\t\t<\/div>\n\t\t\t\t<div class=\"elementor-element elementor-element-2222b59 elementor-widget elementor-widget-text-editor\" data-id=\"2222b59\" data-element_type=\"widget\" data-widget_type=\"text-editor.default\">\n\t\t\t\t<div class=\"elementor-widget-container\">\n\t\t\t\t\t\t\t\t\t<p>Il y a vingt ans, la Flandre a cr\u00e9\u00e9 l&rsquo;instrument Stadsvernieuwing, dans le but de revitaliser les villes et d&rsquo;inverser l&rsquo;exode urbain. L&rsquo;exposition \u00ab Stadsvernieuwing is mensenwerk \u00bb revient sur les vingt ann\u00e9es de fonctionnement de l&rsquo;instrument.<\/p>\n<p>L&rsquo;exposition \u00ab La r\u00e9novation urbaine est le travail des gens \u00bb montre comment la r\u00e9novation urbaine est un moteur pour le changement local. L&rsquo;exposition montre comment l&rsquo;instrument investit non seulement dans les pierres, mais aussi et surtout dans les personnes. Elle fait le point et souligne l&rsquo;importance de la r\u00e9novation urbaine \u00e0 la lumi\u00e8re des d\u00e9fis sociaux actuels.<\/p>\n\t\t\t\t\t\t\t\t<\/div>\n\t\t\t\t<\/div>\n\t\t\t\t\t<\/div>\n\t\t<\/div>\n\t\t\t\t\t<\/div>\n\t\t<\/section>\n\t\t\t\t<section class=\"elementor-section elementor-top-section elementor-element elementor-element-df03bf7 elementor-section-boxed elementor-section-height-default elementor-section-height-default\" data-id=\"df03bf7\" data-element_type=\"section\">\n\t\t\t\t\t\t<div class=\"elementor-container elementor-column-gap-default\">\n\t\t\t\t\t<div class=\"elementor-column elementor-col-33 elementor-top-column elementor-element elementor-element-3992991\" data-id=\"3992991\" data-element_type=\"column\">\n\t\t\t<div class=\"elementor-widget-wrap elementor-element-populated\">\n\t\t\t\t\t\t<div class=\"elementor-element elementor-element-e5b98a1 elementor-widget elementor-widget-image\" data-id=\"e5b98a1\" data-element_type=\"widget\" data-widget_type=\"image.default\">\n\t\t\t\t<div class=\"elementor-widget-container\">\n\t\t\t\t\t\t\t\t\t\t\t\t\t\t\t<img fetchpriority=\"high\" decoding=\"async\" width=\"800\" height=\"534\" src=\"https:\/\/easyfairsassets.com\/sites\/70\/2022\/08\/SVN_EXPO_34-3-1024x683.jpg\" class=\"attachment-large size-large wp-image-4011\" alt=\"\" srcset=\"https:\/\/easyfairsassets.com\/sites\/70\/2022\/08\/SVN_EXPO_34-3-1024x683.jpg 1024w, https:\/\/easyfairsassets.com\/sites\/70\/2022\/08\/SVN_EXPO_34-3-300x200.jpg 300w, https:\/\/easyfairsassets.com\/sites\/70\/2022\/08\/SVN_EXPO_34-3-768x512.jpg 768w, https:\/\/easyfairsassets.com\/sites\/70\/2022\/08\/SVN_EXPO_34-3.jpg 1200w\" sizes=\"(max-width: 800px) 100vw, 800px\" \/>\t\t\t\t\t\t\t\t\t\t\t\t\t\t\t<\/div>\n\t\t\t\t<\/div>\n\t\t\t\t<div class=\"elementor-element elementor-element-84ad757 elementor-widget elementor-widget-text-editor\" data-id=\"84ad757\" data-element_type=\"widget\" data-widget_type=\"text-editor.default\">\n\t\t\t\t<div class=\"elementor-widget-container\">\n\t\t\t\t\t\t\t\t\t<p>\u00a9Bas Bogaerts command\u00e9 par l&rsquo;Agence d&rsquo;Administration Domestique et Architecture Workroom Brussels<\/p>\n\t\t\t\t\t\t\t\t<\/div>\n\t\t\t\t<\/div>\n\t\t\t\t\t<\/div>\n\t\t<\/div>\n\t\t\t\t<div class=\"elementor-column elementor-col-33 elementor-top-column elementor-element elementor-element-6d52891\" data-id=\"6d52891\" data-element_type=\"column\">\n\t\t\t<div class=\"elementor-widget-wrap elementor-element-populated\">\n\t\t\t\t\t\t<div class=\"elementor-element elementor-element-81bb8fd elementor-widget elementor-widget-image\" data-id=\"81bb8fd\" data-element_type=\"widget\" data-widget_type=\"image.default\">\n\t\t\t\t<div class=\"elementor-widget-container\">\n\t\t\t\t\t\t\t\t\t\t\t\t\t\t\t<img decoding=\"async\" width=\"800\" height=\"534\" src=\"https:\/\/easyfairsassets.com\/sites\/70\/2022\/08\/SVN_EXPO_34-7-1024x684.jpg\" class=\"attachment-large size-large wp-image-4014\" alt=\"\" srcset=\"https:\/\/easyfairsassets.com\/sites\/70\/2022\/08\/SVN_EXPO_34-7-1024x684.jpg 1024w, https:\/\/easyfairsassets.com\/sites\/70\/2022\/08\/SVN_EXPO_34-7-300x200.jpg 300w, https:\/\/easyfairsassets.com\/sites\/70\/2022\/08\/SVN_EXPO_34-7-768x513.jpg 768w, https:\/\/easyfairsassets.com\/sites\/70\/2022\/08\/SVN_EXPO_34-7.jpg 1200w\" sizes=\"(max-width: 800px) 100vw, 800px\" \/>\t\t\t\t\t\t\t\t\t\t\t\t\t\t\t<\/div>\n\t\t\t\t<\/div>\n\t\t\t\t<div class=\"elementor-element elementor-element-557747a elementor-widget elementor-widget-text-editor\" data-id=\"557747a\" data-element_type=\"widget\" data-widget_type=\"text-editor.default\">\n\t\t\t\t<div class=\"elementor-widget-container\">\n\t\t\t\t\t\t\t\t\t<p>\u00a9Bas Bogaerts command\u00e9 par l&rsquo;Agence d&rsquo;Administration Domestique et Architecture Workroom Brussels<\/p>\n\t\t\t\t\t\t\t\t<\/div>\n\t\t\t\t<\/div>\n\t\t\t\t\t<\/div>\n\t\t<\/div>\n\t\t\t\t<div class=\"elementor-column elementor-col-33 elementor-top-column elementor-element elementor-element-7e3c2e5\" data-id=\"7e3c2e5\" data-element_type=\"column\">\n\t\t\t<div class=\"elementor-widget-wrap elementor-element-populated\">\n\t\t\t\t\t\t<div class=\"elementor-element elementor-element-d06c284 elementor-widget elementor-widget-image\" data-id=\"d06c284\" data-element_type=\"widget\" data-widget_type=\"image.default\">\n\t\t\t\t<div class=\"elementor-widget-container\">\n\t\t\t\t\t\t\t\t\t\t\t\t\t\t\t<img decoding=\"async\" width=\"800\" height=\"534\" src=\"https:\/\/easyfairsassets.com\/sites\/70\/2022\/08\/SVN_EXPO_34-12-1024x684.jpg\" class=\"attachment-large size-large wp-image-4017\" alt=\"\" srcset=\"https:\/\/easyfairsassets.com\/sites\/70\/2022\/08\/SVN_EXPO_34-12-1024x684.jpg 1024w, https:\/\/easyfairsassets.com\/sites\/70\/2022\/08\/SVN_EXPO_34-12-300x200.jpg 300w, https:\/\/easyfairsassets.com\/sites\/70\/2022\/08\/SVN_EXPO_34-12-768x513.jpg 768w, https:\/\/easyfairsassets.com\/sites\/70\/2022\/08\/SVN_EXPO_34-12.jpg 1200w\" sizes=\"(max-width: 800px) 100vw, 800px\" \/>\t\t\t\t\t\t\t\t\t\t\t\t\t\t\t<\/div>\n\t\t\t\t<\/div>\n\t\t\t\t<div class=\"elementor-element elementor-element-2285d81 elementor-widget elementor-widget-text-editor\" data-id=\"2285d81\" data-element_type=\"widget\" data-widget_type=\"text-editor.default\">\n\t\t\t\t<div class=\"elementor-widget-container\">\n\t\t\t\t\t\t\t\t\t<p>\u00a9Bas Bogaerts command\u00e9 par l&rsquo;Agence d&rsquo;Administration Domestique et Architecture Workroom Brussels<\/p>\n\t\t\t\t\t\t\t\t<\/div>\n\t\t\t\t<\/div>\n\t\t\t\t\t<\/div>\n\t\t<\/div>\n\t\t\t\t\t<\/div>\n\t\t<\/section>\n\t\t\t\t<section class=\"elementor-section elementor-top-section elementor-element elementor-element-1d732c1 elementor-reverse-tablet elementor-reverse-mobile elementor-section-boxed elementor-section-height-default elementor-section-height-default\" data-id=\"1d732c1\" data-element_type=\"section\">\n\t\t\t\t\t\t<div class=\"elementor-container elementor-column-gap-default\">\n\t\t\t\t\t<div class=\"elementor-column elementor-col-100 elementor-top-column elementor-element elementor-element-aa8b30c\" data-id=\"aa8b30c\" data-element_type=\"column\">\n\t\t\t<div class=\"elementor-widget-wrap elementor-element-populated\">\n\t\t\t\t\t\t<div class=\"elementor-element elementor-element-90ddf29 elementor-align-center elementor-widget elementor-widget-button\" data-id=\"90ddf29\" data-element_type=\"widget\" data-widget_type=\"button.default\">\n\t\t\t\t<div class=\"elementor-widget-container\">\n\t\t\t\t\t\t\t\t\t<div class=\"elementor-button-wrapper\">\n\t\t\t\t\t<a class=\"elementor-button elementor-button-link elementor-size-sm\" href=\"https:\/\/www.vlaanderen.be\/stedenbeleid\/20-jaar-stadsvernieuwing-in-vlaanderen\/tentoonstelling\">\n\t\t\t\t\t\t<span class=\"elementor-button-content-wrapper\">\n\t\t\t\t\t\t<span class=\"elementor-button-icon\">\n\t\t\t\t<i aria-hidden=\"true\" class=\"fas fa-arrow-right\"><\/i>\t\t\t<\/span>\n\t\t\t\t\t\t\t\t\t<span class=\"elementor-button-text\">Plus d'informations<\/span>\n\t\t\t\t\t<\/span>\n\t\t\t\t\t<\/a>\n\t\t\t\t<\/div>\n\t\t\t\t\t\t\t\t<\/div>\n\t\t\t\t<\/div>\n\t\t\t\t<div class=\"elementor-element elementor-element-e62d297 elementor-widget elementor-widget-heading\" data-id=\"e62d297\" data-element_type=\"widget\" data-widget_type=\"heading.default\">\n\t\t\t\t<div class=\"elementor-widget-container\">\n\t\t\t\t\t<h3 class=\"elementor-heading-title elementor-size-default\"><b>Triptyque<\/b><\/h3>\t\t\t\t<\/div>\n\t\t\t\t<\/div>\n\t\t\t\t<div class=\"elementor-element elementor-element-6f7d1e2 elementor-widget elementor-widget-text-editor\" data-id=\"6f7d1e2\" data-element_type=\"widget\" data-widget_type=\"text-editor.default\">\n\t\t\t\t<div class=\"elementor-widget-container\">\n\t\t\t\t\t\t\t\t\t<p>L&rsquo;exposition est un triptyque. Sc\u00e8nes de ville \u00bb pr\u00e9sente dix types de lieux ou d&rsquo;environnements que l&rsquo;instrument de r\u00e9novation urbaine a contribu\u00e9 \u00e0 fa\u00e7onner au cours des 20 derni\u00e8res ann\u00e9es. Les images du photographe Bas Bogaerts montrent les nouvelles fa\u00e7ons d&rsquo;habiter, de travailler, de se d\u00e9placer, de vivre ensemble, de produire et de se d\u00e9tendre que ces lieux ont rendues possibles dans la ville.<\/p>\n\t\t\t\t\t\t\t\t<\/div>\n\t\t\t\t<\/div>\n\t\t\t\t<div class=\"elementor-element elementor-element-4ec10b8 elementor-widget elementor-widget-text-editor\" data-id=\"4ec10b8\" data-element_type=\"widget\" data-widget_type=\"text-editor.default\">\n\t\t\t\t<div class=\"elementor-widget-container\">\n\t\t\t\t\t\t\t\t\t<p>Transformation Portraits \u00bb dresse le portrait des personnes qui se cachent derri\u00e8re des processus de changement complexes. Les six courts m\u00e9trages ont \u00e9t\u00e9 r\u00e9alis\u00e9s en collaboration avec le documentariste Bertrand Lafontaine. Ils mettent en lumi\u00e8re les coulisses de la transformation de six zones urbaines en Flandre. Les personnes qui ont port\u00e9, con\u00e7u et r\u00e9alis\u00e9 les projets de r\u00e9novation urbaine ou qui y vivent aujourd&rsquo;hui ont la parole.<\/p>\n\t\t\t\t\t\t\t\t<\/div>\n\t\t\t\t<\/div>\n\t\t\t\t\t<\/div>\n\t\t<\/div>\n\t\t\t\t\t<\/div>\n\t\t<\/section>\n\t\t\t\t<section class=\"elementor-section elementor-top-section elementor-element elementor-element-de1fcb7 elementor-reverse-tablet elementor-reverse-mobile elementor-section-boxed elementor-section-height-default elementor-section-height-default\" data-id=\"de1fcb7\" data-element_type=\"section\">\n\t\t\t\t\t\t<div class=\"elementor-container elementor-column-gap-default\">\n\t\t\t\t\t<div class=\"elementor-column elementor-col-100 elementor-top-column elementor-element elementor-element-cfdba83\" data-id=\"cfdba83\" data-element_type=\"column\">\n\t\t\t<div class=\"elementor-widget-wrap elementor-element-populated\">\n\t\t\t\t\t\t<div class=\"elementor-element elementor-element-b83419c elementor-widget elementor-widget-text-editor\" data-id=\"b83419c\" data-element_type=\"widget\" data-widget_type=\"text-editor.default\">\n\t\t\t\t<div class=\"elementor-widget-container\">\n\t\t\t\t\t\t\t\t\t<p>Les \u00ab Cornerstones \u00bb mettent en \u00e9vidence dix principes fondamentaux ou lignes de force de l&rsquo;instrument que nous devons pr\u00e9server et renforcer \u00e9galement \u00e0 l&rsquo;avenir. Plusieurs objets et images li\u00e9s aux projets de r\u00e9novation urbaine illustrent chacune de ces pierres angulaires.<\/p>\n\t\t\t\t\t\t\t\t<\/div>\n\t\t\t\t<\/div>\n\t\t\t\t<div class=\"elementor-element elementor-element-e76c771 elementor-widget elementor-widget-text-editor\" data-id=\"e76c771\" data-element_type=\"widget\" data-widget_type=\"text-editor.default\">\n\t\t\t\t<div class=\"elementor-widget-container\">\n\t\t\t\t\t\t\t\t\t<p>L&rsquo;exposition a \u00e9t\u00e9 organis\u00e9e par Architecture Workroom Brussels en partenariat avec l&rsquo;\u00e9quipe de la politique urbaine, Public Space (\u00e9ditorial), Vormen (sc\u00e9nographie), Sara Thewissen (design) et avec des contributions de la Quality Chamber (Linda Boudry, Els Vervloesem, Michiel Dehaene, Andr\u00e9 Loeckx, Stefan Devoldere, Joeri De Bruyn, Stefaan Tubex, Thierry Goossens).<\/p>\n\t\t\t\t\t\t\t\t<\/div>\n\t\t\t\t<\/div>\n\t\t\t\t\t<\/div>\n\t\t<\/div>\n\t\t\t\t\t<\/div>\n\t\t<\/section>\n\t\t\t\t<section class=\"elementor-section elementor-top-section elementor-element elementor-element-b108bc7 elementor-section-boxed elementor-section-height-default elementor-section-height-default\" data-id=\"b108bc7\" data-element_type=\"section\">\n\t\t\t\t\t\t<div class=\"elementor-container elementor-column-gap-default\">\n\t\t\t\t\t<div class=\"elementor-column elementor-col-33 elementor-top-column elementor-element elementor-element-7cd68b3\" data-id=\"7cd68b3\" data-element_type=\"column\">\n\t\t\t<div class=\"elementor-widget-wrap elementor-element-populated\">\n\t\t\t\t\t\t<div class=\"elementor-element elementor-element-ca2630e elementor-widget elementor-widget-image\" data-id=\"ca2630e\" data-element_type=\"widget\" data-widget_type=\"image.default\">\n\t\t\t\t<div class=\"elementor-widget-container\">\n\t\t\t\t\t\t\t\t\t\t\t\t\t\t\t<img loading=\"lazy\" decoding=\"async\" width=\"800\" height=\"534\" src=\"https:\/\/easyfairsassets.com\/sites\/70\/2022\/08\/SVN_EXPO_34-13-1024x684.jpg\" class=\"attachment-large size-large wp-image-4020\" alt=\"\" srcset=\"https:\/\/easyfairsassets.com\/sites\/70\/2022\/08\/SVN_EXPO_34-13-1024x684.jpg 1024w, https:\/\/easyfairsassets.com\/sites\/70\/2022\/08\/SVN_EXPO_34-13-300x201.jpg 300w, https:\/\/easyfairsassets.com\/sites\/70\/2022\/08\/SVN_EXPO_34-13-768x513.jpg 768w, https:\/\/easyfairsassets.com\/sites\/70\/2022\/08\/SVN_EXPO_34-13.jpg 1200w\" sizes=\"(max-width: 800px) 100vw, 800px\" \/>\t\t\t\t\t\t\t\t\t\t\t\t\t\t\t<\/div>\n\t\t\t\t<\/div>\n\t\t\t\t<div class=\"elementor-element elementor-element-b8f52bd elementor-widget elementor-widget-text-editor\" data-id=\"b8f52bd\" data-element_type=\"widget\" data-widget_type=\"text-editor.default\">\n\t\t\t\t<div class=\"elementor-widget-container\">\n\t\t\t\t\t\t\t\t\t<p>\u00a9Bas Bogaerts command\u00e9 par l&rsquo;Agence d&rsquo;Administration Domestique et Architecture Workroom Brussels<\/p>\n\t\t\t\t\t\t\t\t<\/div>\n\t\t\t\t<\/div>\n\t\t\t\t\t<\/div>\n\t\t<\/div>\n\t\t\t\t<div class=\"elementor-column elementor-col-33 elementor-top-column elementor-element elementor-element-9f1648a\" data-id=\"9f1648a\" data-element_type=\"column\">\n\t\t\t<div class=\"elementor-widget-wrap elementor-element-populated\">\n\t\t\t\t\t\t<div class=\"elementor-element elementor-element-e734ae3 elementor-widget elementor-widget-image\" data-id=\"e734ae3\" data-element_type=\"widget\" data-widget_type=\"image.default\">\n\t\t\t\t<div class=\"elementor-widget-container\">\n\t\t\t\t\t\t\t\t\t\t\t\t\t\t\t<img loading=\"lazy\" decoding=\"async\" width=\"800\" height=\"534\" src=\"https:\/\/easyfairsassets.com\/sites\/70\/2022\/08\/SVN_EXPO_34-15-1024x683.jpg\" class=\"attachment-large size-large wp-image-4023\" alt=\"\" srcset=\"https:\/\/easyfairsassets.com\/sites\/70\/2022\/08\/SVN_EXPO_34-15-1024x683.jpg 1024w, https:\/\/easyfairsassets.com\/sites\/70\/2022\/08\/SVN_EXPO_34-15-300x200.jpg 300w, https:\/\/easyfairsassets.com\/sites\/70\/2022\/08\/SVN_EXPO_34-15-768x512.jpg 768w, https:\/\/easyfairsassets.com\/sites\/70\/2022\/08\/SVN_EXPO_34-15.jpg 1200w\" sizes=\"(max-width: 800px) 100vw, 800px\" \/>\t\t\t\t\t\t\t\t\t\t\t\t\t\t\t<\/div>\n\t\t\t\t<\/div>\n\t\t\t\t<div class=\"elementor-element elementor-element-4661781 elementor-widget elementor-widget-text-editor\" data-id=\"4661781\" data-element_type=\"widget\" data-widget_type=\"text-editor.default\">\n\t\t\t\t<div class=\"elementor-widget-container\">\n\t\t\t\t\t\t\t\t\t<p>\u00a9Bas Bogaerts command\u00e9 par l&rsquo;Agence d&rsquo;Administration Domestique et Architecture Workroom Brussels<\/p>\n\t\t\t\t\t\t\t\t<\/div>\n\t\t\t\t<\/div>\n\t\t\t\t\t<\/div>\n\t\t<\/div>\n\t\t\t\t<div class=\"elementor-column elementor-col-33 elementor-top-column elementor-element elementor-element-f985483\" data-id=\"f985483\" data-element_type=\"column\">\n\t\t\t<div class=\"elementor-widget-wrap elementor-element-populated\">\n\t\t\t\t\t\t<div class=\"elementor-element elementor-element-99b80d4 elementor-widget elementor-widget-image\" data-id=\"99b80d4\" data-element_type=\"widget\" data-widget_type=\"image.default\">\n\t\t\t\t<div class=\"elementor-widget-container\">\n\t\t\t\t\t\t\t\t\t\t\t\t\t\t\t<img loading=\"lazy\" decoding=\"async\" width=\"800\" height=\"534\" src=\"https:\/\/easyfairsassets.com\/sites\/70\/2022\/08\/SVN_EXPO_34-17-1024x683.jpg\" class=\"attachment-large size-large wp-image-4026\" alt=\"\" srcset=\"https:\/\/easyfairsassets.com\/sites\/70\/2022\/08\/SVN_EXPO_34-17-1024x683.jpg 1024w, https:\/\/easyfairsassets.com\/sites\/70\/2022\/08\/SVN_EXPO_34-17-300x200.jpg 300w, https:\/\/easyfairsassets.com\/sites\/70\/2022\/08\/SVN_EXPO_34-17-768x512.jpg 768w, https:\/\/easyfairsassets.com\/sites\/70\/2022\/08\/SVN_EXPO_34-17.jpg 1200w\" sizes=\"(max-width: 800px) 100vw, 800px\" \/>\t\t\t\t\t\t\t\t\t\t\t\t\t\t\t<\/div>\n\t\t\t\t<\/div>\n\t\t\t\t<div class=\"elementor-element elementor-element-f1a3d72 elementor-widget elementor-widget-text-editor\" data-id=\"f1a3d72\" data-element_type=\"widget\" data-widget_type=\"text-editor.default\">\n\t\t\t\t<div class=\"elementor-widget-container\">\n\t\t\t\t\t\t\t\t\t<p>\u00a9Bas Bogaerts command\u00e9 par l&rsquo;Agence d&rsquo;Administration Domestique et Architecture Workroom Brussels<\/p>\n\t\t\t\t\t\t\t\t<\/div>\n\t\t\t\t<\/div>\n\t\t\t\t\t<\/div>\n\t\t<\/div>\n\t\t\t\t\t<\/div>\n\t\t<\/section>\n\t\t\t\t<section class=\"elementor-section elementor-top-section elementor-element elementor-element-737f402 elementor-section-boxed elementor-section-height-default elementor-section-height-default\" data-id=\"737f402\" data-element_type=\"section\">\n\t\t\t\t\t\t<div class=\"elementor-container elementor-column-gap-default\">\n\t\t\t\t\t<div class=\"elementor-column elementor-col-100 elementor-top-column elementor-element elementor-element-3145337\" data-id=\"3145337\" data-element_type=\"column\">\n\t\t\t<div class=\"elementor-widget-wrap elementor-element-populated\">\n\t\t\t\t\t\t<div class=\"elementor-element elementor-element-210f03c elementor-align-center elementor-widget elementor-widget-button\" data-id=\"210f03c\" data-element_type=\"widget\" data-widget_type=\"button.default\">\n\t\t\t\t<div class=\"elementor-widget-container\">\n\t\t\t\t\t\t\t\t\t<div class=\"elementor-button-wrapper\">\n\t\t\t\t\t<a class=\"elementor-button elementor-button-link elementor-size-sm\" href=\"https:\/\/www.vlaanderen.be\/stedenbeleid\/20-jaar-stadsvernieuwing-in-vlaanderen\/tentoonstelling\">\n\t\t\t\t\t\t<span class=\"elementor-button-content-wrapper\">\n\t\t\t\t\t\t<span class=\"elementor-button-icon\">\n\t\t\t\t<i aria-hidden=\"true\" class=\"fas fa-arrow-right\"><\/i>\t\t\t<\/span>\n\t\t\t\t\t\t\t\t\t<span class=\"elementor-button-text\">Plus d'informations<\/span>\n\t\t\t\t\t<\/span>\n\t\t\t\t\t<\/a>\n\t\t\t\t<\/div>\n\t\t\t\t\t\t\t\t<\/div>\n\t\t\t\t<\/div>\n\t\t\t\t<div class=\"elementor-element elementor-element-f52e755 elementor-widget elementor-widget-image\" data-id=\"f52e755\" data-element_type=\"widget\" data-widget_type=\"image.default\">\n\t\t\t\t<div class=\"elementor-widget-container\">\n\t\t\t\t\t\t\t\t\t\t\t\t\t\t\t<img loading=\"lazy\" decoding=\"async\" width=\"768\" height=\"401\" src=\"https:\/\/easyfairsassets.com\/sites\/70\/2022\/08\/AWB_20JSV_banner-768x401.png\" class=\"attachment-medium_large size-medium_large wp-image-4008\" alt=\"\" srcset=\"https:\/\/easyfairsassets.com\/sites\/70\/2022\/08\/AWB_20JSV_banner-768x401.png 768w, https:\/\/easyfairsassets.com\/sites\/70\/2022\/08\/AWB_20JSV_banner-300x157.png 300w, https:\/\/easyfairsassets.com\/sites\/70\/2022\/08\/AWB_20JSV_banner-1024x535.png 1024w, https:\/\/easyfairsassets.com\/sites\/70\/2022\/08\/AWB_20JSV_banner.png 1200w\" sizes=\"(max-width: 768px) 100vw, 768px\" \/>\t\t\t\t\t\t\t\t\t\t\t\t\t\t\t<\/div>\n\t\t\t\t<\/div>\n\t\t\t\t<div class=\"elementor-element elementor-element-10b8114 elementor-widget elementor-widget-text-editor\" data-id=\"10b8114\" data-element_type=\"widget\" data-widget_type=\"text-editor.default\">\n\t\t\t\t<div class=\"elementor-widget-container\">\n\t\t\t\t\t\t\t\t\t<p>\u00a9 Architecture Workroom Brussels (au nom de l&rsquo;Agentschap Binnenlands Bestuur)<\/p>\n\t\t\t\t\t\t\t\t<\/div>\n\t\t\t\t<\/div>\n\t\t\t\t\t<\/div>\n\t\t<\/div>\n\t\t\t\t\t<\/div>\n\t\t<\/section>\n\t\t\t\t<section class=\"elementor-section elementor-top-section elementor-element elementor-element-4a2a845 elementor-section-boxed elementor-section-height-default elementor-section-height-default\" data-id=\"4a2a845\" data-element_type=\"section\" data-settings=\"{&quot;background_background&quot;:&quot;classic&quot;}\">\n\t\t\t\t\t\t<div class=\"elementor-container elementor-column-gap-default\">\n\t\t\t\t\t<div class=\"elementor-column elementor-col-100 elementor-top-column elementor-element elementor-element-4b660d1\" data-id=\"4b660d1\" data-element_type=\"column\">\n\t\t\t<div class=\"elementor-widget-wrap elementor-element-populated\">\n\t\t\t\t\t\t<div class=\"elementor-element elementor-element-d4ee01a elementor-widget elementor-widget-text-editor\" data-id=\"d4ee01a\" data-element_type=\"widget\" data-widget_type=\"text-editor.default\">\n\t\t\t\t<div class=\"elementor-widget-container\">\n\t\t\t\t\t\t\t\t\t<h2>Open Spaces, l&rsquo;endroit o\u00f9 il faut \u00eatre pour un espace ouvert<\/h2>\n\t\t\t\t\t\t\t\t<\/div>\n\t\t\t\t<\/div>\n\t\t\t\t<div class=\"elementor-element elementor-element-29ea916 elementor-align-center elementor-widget elementor-widget-button\" data-id=\"29ea916\" data-element_type=\"widget\" data-widget_type=\"button.default\">\n\t\t\t\t<div class=\"elementor-widget-container\">\n\t\t\t\t\t\t\t\t\t<div class=\"elementor-button-wrapper\">\n\t\t\t\t\t<a class=\"elementor-button elementor-button-link elementor-size-sm\" href=\"https:\/\/www.openspaces-expo.be\/fr\/contact\/\">\n\t\t\t\t\t\t<span class=\"elementor-button-content-wrapper\">\n\t\t\t\t\t\t<span class=\"elementor-button-icon\">\n\t\t\t\t<i aria-hidden=\"true\" class=\"fas fa-long-arrow-alt-right\"><\/i>\t\t\t<\/span>\n\t\t\t\t\t\t\t\t\t<span class=\"elementor-button-text\">Devenir exposant<\/span>\n\t\t\t\t\t<\/span>\n\t\t\t\t\t<\/a>\n\t\t\t\t<\/div>\n\t\t\t\t\t\t\t\t<\/div>\n\t\t\t\t<\/div>\n\t\t\t\t\t<\/div>\n\t\t<\/div>\n\t\t\t\t\t<\/div>\n\t\t<\/section>\n\t\t\t\t<\/div>\n\t\t","protected":false},"excerpt":{"rendered":"<p>Exposition 20 ans de r\u00e9novation urbaine Liste des exposants Programme Enregistrez-vous ici Exposition \u00ab La r\u00e9novation urbaine est un travail humain \u00bb Il y a vingt ans, la Flandre a cr\u00e9\u00e9 l&rsquo;instrument Stadsvernieuwing, dans le but de revitaliser les villes et d&rsquo;inverser l&rsquo;exode urbain. L&rsquo;exposition \u00ab Stadsvernieuwing is mensenwerk \u00bb revient sur les vingt ann\u00e9es [&hellip;]<\/p>\n","protected":false},"author":39,"featured_media":0,"parent":0,"menu_order":0,"comment_status":"closed","ping_status":"closed","template":"","meta":{"_seopress_robots_primary_cat":"","_seopress_titles_title":"Apr\u00e8s-midi d'\u00e9tude VLARIO | Espaces verts","_seopress_titles_desc":"D\u00e9couvrez \u00e0 Open Spaces l'apr\u00e8s-midi d'\u00e9tude de VLARIO : Groenblauw Vlaanderen","_seopress_robots_index":"","footnotes":""},"class_list":["post-12201","page","type-page","status-publish","hentry"],"_links":{"self":[{"href":"https:\/\/www.openspaces-expo.be\/fr\/wp-json\/wp\/v2\/pages\/12201","targetHints":{"allow":["GET"]}}],"collection":[{"href":"https:\/\/www.openspaces-expo.be\/fr\/wp-json\/wp\/v2\/pages"}],"about":[{"href":"https:\/\/www.openspaces-expo.be\/fr\/wp-json\/wp\/v2\/types\/page"}],"author":[{"embeddable":true,"href":"https:\/\/www.openspaces-expo.be\/fr\/wp-json\/wp\/v2\/users\/39"}],"replies":[{"embeddable":true,"href":"https:\/\/www.openspaces-expo.be\/fr\/wp-json\/wp\/v2\/comments?post=12201"}],"version-history":[{"count":1,"href":"https:\/\/www.openspaces-expo.be\/fr\/wp-json\/wp\/v2\/pages\/12201\/revisions"}],"predecessor-version":[{"id":12202,"href":"https:\/\/www.openspaces-expo.be\/fr\/wp-json\/wp\/v2\/pages\/12201\/revisions\/12202"}],"wp:attachment":[{"href":"https:\/\/www.openspaces-expo.be\/fr\/wp-json\/wp\/v2\/media?parent=12201"}],"curies":[{"name":"wp","href":"https:\/\/api.w.org\/{rel}","templated":true}]}}